{"id":5499,"date":"2026-01-22T10:35:21","date_gmt":"2026-01-22T08:35:21","guid":{"rendered":"https:\/\/visu24.com\/?post_type=kokemuksia&#038;p=5499"},"modified":"2026-01-22T10:36:48","modified_gmt":"2026-01-22T08:36:48","slug":"visualiseringar-for-en-semesteranlaggning-vid-sjon-miejarvis-strand","status":"publish","type":"kokemuksia","link":"https:\/\/visu24.com\/sv\/kokemuksia\/visualisointeja-lomakeskukselle-miekojarven-rannalle\/","title":{"rendered":"Bilder f\u00f6r den snart f\u00e4rdigst\u00e4llda resorten \u2013 VD:n rekommenderar Visu24:s tj\u00e4nster!"},"content":{"rendered":"<p>Pello \u00e4r en nordlig p\u00e4rla som ligger vid Torne \u00e4lv, d\u00e4r naturen, ljuset och tystnaden \u00e4r upplevelser i sig.<\/p>\n\n\n\n<p>Visu24 modellerade bilder av stugor som byggs vid sj\u00f6n Miekoj\u00e4rvi i Pello f\u00f6r Miekoj\u00e4rven Helmi Oys semestercenter.<\/p>\n\n\n\n<figure class=\"wp-block-image size-large\"><img data-opt-id=850476876  fetchpriority=\"high\" decoding=\"async\" width=\"1024\" height=\"768\" src=\"https:\/\/mlgwalotryug.i.optimole.com\/w:1024\/h:768\/q:mauto\/f:best\/https:\/\/visu24.com\/wp-content\/uploads\/2026\/01\/MIEKOJARVIcam07ver02-Large.jpeg\" alt=\"Visu24 modellerade bilder av stugor som byggs vid sj\u00f6n Miekoj\u00e4rvi i Pello f\u00f6r Miekoj\u00e4rven Helmi Oys semestercenter.\" class=\"wp-image-5501\" srcset=\"https:\/\/mlgwalotryug.i.optimole.com\/w:1024\/h:768\/q:mauto\/f:best\/https:\/\/visu24.com\/wp-content\/uploads\/2026\/01\/MIEKOJARVIcam07ver02-Large.jpeg 1024w, https:\/\/mlgwalotryug.i.optimole.com\/w:300\/h:225\/q:mauto\/f:best\/https:\/\/visu24.com\/wp-content\/uploads\/2026\/01\/MIEKOJARVIcam07ver02-Large.jpeg 300w, https:\/\/mlgwalotryug.i.optimole.com\/w:768\/h:576\/q:mauto\/f:best\/https:\/\/visu24.com\/wp-content\/uploads\/2026\/01\/MIEKOJARVIcam07ver02-Large.jpeg 768w, https:\/\/mlgwalotryug.i.optimole.com\/w:16\/h:12\/q:mauto\/f:best\/dpr:2\/https:\/\/visu24.com\/wp-content\/uploads\/2026\/01\/MIEKOJARVIcam07ver02-Large.jpeg 16w, https:\/\/mlgwalotryug.i.optimole.com\/w:1280\/h:960\/q:mauto\/f:best\/https:\/\/visu24.com\/wp-content\/uploads\/2026\/01\/MIEKOJARVIcam07ver02-Large.jpeg 1280w\" sizes=\"(max-width: 800px) 100vw, 800px\" \/><\/figure>\n\n\n\n<p>Visu var vd f\u00f6r Miekoj\u00e4rvi Helmi <strong>Petri Saraj\u00e4rvi<\/strong> helt underbart.<\/p>\n\n\n\n<p>\u2013 D\u00e5 finns det inget att klaga p\u00e5, s\u00e4ger en n\u00f6jd Saraj\u00e4rvi och ber\u00e4ttar att de mindre stugorna redan \u00e4r klara och att uthyrningsverksamheten \u00e4r ig\u00e5ng. Och samtidigt ska jag ber\u00e4tta lite kuriosa: enligt den finska sn\u00f6kartan \u00e4r Pello den sn\u00f6igaste kommunen i Finland.<\/p>\n\n\n\n<p>\u2013 Vi experimenterar nu med den h\u00e4r typen av turismutbud. Rovaniemi har m\u00e5nga korttidsuthyrningar, men Rovaniemi \u00e4r helt \u201d\u00f6verbelastat\u201d. Det skulle finnas fler bes\u00f6kare \u00e4n boenden. Pello ligger bara en timme fr\u00e5n Rovaniemi och till och med vid stranden av en sj\u00f6. Platsen fungerar utm\u00e4rkt p\u00e5 sommaren ocks\u00e5, ber\u00e4ttar Saraj\u00e4rvi om vardagslivet i den nybyggda semesterbyn.<\/p>\n\n\n\n<figure class=\"wp-block-image size-large\"><img data-opt-id=1354303510  fetchpriority=\"high\" decoding=\"async\" width=\"1024\" height=\"768\" src=\"https:\/\/mlgwalotryug.i.optimole.com\/w:1024\/h:768\/q:mauto\/f:best\/https:\/\/visu24.com\/wp-content\/uploads\/2026\/01\/MIEKOJARVIcam09ver02-Large.jpeg\" alt=\"Visu24 modellerade bilder av stugor som byggs vid sj\u00f6n Miekoj\u00e4rvi i Pello f\u00f6r Miekoj\u00e4rven Helmi Oys semestercenter.\" class=\"wp-image-5502\" srcset=\"https:\/\/mlgwalotryug.i.optimole.com\/w:1024\/h:768\/q:mauto\/f:best\/https:\/\/visu24.com\/wp-content\/uploads\/2026\/01\/MIEKOJARVIcam09ver02-Large.jpeg 1024w, https:\/\/mlgwalotryug.i.optimole.com\/w:300\/h:225\/q:mauto\/f:best\/https:\/\/visu24.com\/wp-content\/uploads\/2026\/01\/MIEKOJARVIcam09ver02-Large.jpeg 300w, https:\/\/mlgwalotryug.i.optimole.com\/w:768\/h:576\/q:mauto\/f:best\/https:\/\/visu24.com\/wp-content\/uploads\/2026\/01\/MIEKOJARVIcam09ver02-Large.jpeg 768w, https:\/\/mlgwalotryug.i.optimole.com\/w:16\/h:12\/q:mauto\/f:best\/dpr:2\/https:\/\/visu24.com\/wp-content\/uploads\/2026\/01\/MIEKOJARVIcam09ver02-Large.jpeg 16w, https:\/\/mlgwalotryug.i.optimole.com\/w:1280\/h:960\/q:mauto\/f:best\/https:\/\/visu24.com\/wp-content\/uploads\/2026\/01\/MIEKOJARVIcam09ver02-Large.jpeg 1280w\" sizes=\"(max-width: 800px) 100vw, 800px\" \/><\/figure>\n\n\n\n<p>Stugprojektet i Miekoj\u00e4rvi har g\u00e5tt bra, och \u00e4garna till den nya anl\u00e4ggningen var s\u00e4rskilt n\u00f6jda med hur snabbt bilderna levererades.<\/p>\n\n\n\n<p>\u2013 Ofta m\u00e5ste man v\u00e4nta p\u00e5 bilder, men inte den h\u00e4r g\u00e5ngen. Allt gick snabbt och med h\u00f6g kvalitet. Vi kan definitivt rekommendera Visu24:s tj\u00e4nster till andra, s\u00e4ger Saraj\u00e4rvi och skyndar sig sedan f\u00f6r att servera sina g\u00e4ster, varav flera har anl\u00e4nt den h\u00e4r veckan.<\/p>\n\n\n\n<p>De flesta g\u00e4sterna anl\u00e4nder till Pello fr\u00e5n Centraleuropa, inklusive Tyskland. I finska Lappland \u00e4r turister naturligtvis fascinerade av jul och sn\u00f6.<\/p>\n\n\n\n<p>\u2013 Huskies, renar och norrsken \u00e4r ocks\u00e5 intressanta. H\u00e4r i norr kan m\u00e4nniskor vara i fred n\u00e4r det inte finns n\u00e5gon ljusf\u00f6rorening som st\u00f6r dem, avslutar Saraj\u00e4rvi.<\/p>\n\n\n\n<p><strong>Har du ett p\u00e5g\u00e5ende resortprojekt? Beh\u00f6ver du visualiseringar f\u00f6r det? Beg\u00e4r en offert fr\u00e5n Visu24, vi skapar bilder snabbt, med h\u00f6g kvalitet och till ett rimligt pris!<\/strong><\/p>","protected":false},"excerpt":{"rendered":"<p>Visu24 modellerade bilder av stugor som byggs vid sj\u00f6n Miekoj\u00e4rvi i Pello f\u00f6r Miekoj\u00e4rven Helmi Oys semestercenter. <\/p>","protected":false},"featured_media":5504,"template":"","kokemustyyppi":[8],"class_list":["post-5499","kokemuksia","type-kokemuksia","status-publish","has-post-thumbnail","hentry","kokemustyyppi-kokemus"],"_links":{"self":[{"href":"https:\/\/visu24.com\/sv\/wp-json\/wp\/v2\/kokemuksia\/5499","targetHints":{"allow":["GET"]}}],"collection":[{"href":"https:\/\/visu24.com\/sv\/wp-json\/wp\/v2\/kokemuksia"}],"about":[{"href":"https:\/\/visu24.com\/sv\/wp-json\/wp\/v2\/types\/kokemuksia"}],"wp:featuredmedia":[{"embeddable":true,"href":"https:\/\/visu24.com\/sv\/wp-json\/wp\/v2\/media\/5504"}],"wp:attachment":[{"href":"https:\/\/visu24.com\/sv\/wp-json\/wp\/v2\/media?parent=5499"}],"wp:term":[{"taxonomy":"kokemustyyppi","embeddable":true,"href":"https:\/\/visu24.com\/sv\/wp-json\/wp\/v2\/kokemustyyppi?post=5499"}],"curies":[{"name":"wp","href":"https:\/\/api.w.org\/{rel}","templated":true}]}}